{"id":1608,"date":"2020-05-12T11:00:17","date_gmt":"2020-05-12T11:00:17","guid":{"rendered":"https:\/\/visitestepona.eu\/consejos-de-estepona\/"},"modified":"2023-10-20T20:55:10","modified_gmt":"2023-10-20T20:55:10","slug":"consejos-de-estepona","status":"publish","type":"page","link":"https:\/\/visitestepona.eu\/es\/consejos-de-estepona\/","title":{"rendered":"Consejos de Estepona"},"content":{"rendered":"<p><div class=\"et_d4_element et_pb_section et_pb_section_0 et_pb_with_background  et_pb_css_mix_blend_mode et_section_regular et_block_section\" >\n\t\t\t\t\n\t\t\t\t\n\t\t\t\t\n\t\t\t\t\n\t\t\t\t\n\t\t\t\t\n\t\t\t\t<div class=\"et_d4_element et_pb_row et_pb_row_0  et_pb_css_mix_blend_mode et_block_row\">\n\t\t\t\t<div class=\"et_d4_element et_pb_column_3_4 et_pb_column et_pb_column_0  et_pb_css_mix_blend_mode et_block_column\">\n\t\t\t\t\n\t\t\t\t\n\t\t\t\t\n\t\t\t\t\n\t\t\t\t<div class=\"et_pb_with_border et_pb_module et_d4_element et_pb_blog_0 divilife-11-col-blog-img-alternating et_animated  et_pb_css_mix_blend_mode et_pb_posts et_pb_bg_layout_light \">\n\t\t\t\t\n\t\t\t\t\n\t\t\t\t\n\t\t\t\t\n\t\t\t\t<div class=\"et_pb_ajax_pagination_container\">\n\t\t\t\t\t\n\t\t\t<article id=\"post-228713\" class=\"et_pb_post clearfix et_pb_has_overlay et_pb_blog_item_0_0 post-228713 post type-post status-publish format-standard has-post-thumbnail sticky hentry category-sin-categorizar category-transporte-de-viajes\">\n\n\t\t\t\t<a href=\"https:\/\/visitestepona.eu\/es\/actualizacion-estepona-2026-un-nuevo-bulevar-y-consejos-inteligentes-para-viajar\/\" class=\"entry-featured-image-url\"><img loading=\"lazy\" decoding=\"async\" src=\"https:\/\/visitestepona.eu\/wp-content\/uploads\/2026\/02\/52607e45-5308-5abd-0088-229c21150f78.png\" alt=\"Actualizaci\u00f3n Estepona 2026: Un nuevo bulevar y consejos inteligentes para viajar\" class=\"\" width=\"1080\" height=\"675\" srcset=\"https:\/\/visitestepona.eu\/wp-content\/uploads\/2026\/02\/52607e45-5308-5abd-0088-229c21150f78.png 1080w, https:\/\/visitestepona.eu\/wp-content\/uploads\/2026\/02\/52607e45-5308-5abd-0088-229c21150f78-480x269.png 480w\" sizes=\"(min-width: 0px) and (max-width: 480px) 480px, (min-width: 481px) 1080px, 100vw\" title=\"\"><span class=\"et_overlay\"><\/span><\/a>\n\t\t\t\t\t\t\t\t\t\t\t\t\t\t<h2 class=\"entry-title\">\n\t\t\t\t\t\t\t\t\t\t\t\t\t<a href=\"https:\/\/visitestepona.eu\/es\/actualizacion-estepona-2026-un-nuevo-bulevar-y-consejos-inteligentes-para-viajar\/\">Actualizaci\u00f3n Estepona 2026: Un nuevo bulevar y consejos inteligentes para viajar<\/a>\n\t\t\t\t\t\t\t\t\t\t\t<\/h2>\n\t\t\t\t\n\t\t\t\t\t<p class=\"post-meta\"><a href=\"https:\/\/visitestepona.eu\/es\/category\/sin-categorizar\/\" rel=\"tag\">Sin categorizar<\/a>, <a href=\"https:\/\/visitestepona.eu\/es\/category\/transporte-de-viajes\/\" rel=\"tag\">transporte de viajes<\/a><\/p><div class=\"post-content\"><div class=\"post-content-inner\"><p>Hola, amante de Estepona,De cara a la temporada 2026, Estepona sigue transform\u00e1ndose en el \"Jard\u00edn de la Costa del Sol.\" Tenemos algunas novedades emocionantes que compartir...<\/p>\n<\/div><a href=\"https:\/\/visitestepona.eu\/es\/actualizacion-estepona-2026-un-nuevo-bulevar-y-consejos-inteligentes-para-viajar\/\" class=\"more-link\">leer m\u00e1s<\/a><\/div>\t\t\t\n\t\t\t<\/article>\n\t\t\t\t\n\t\t\t<article id=\"post-1803\" class=\"et_pb_post clearfix et_pb_has_overlay et_pb_blog_item_0_1 post-1803 post type-post status-publish format-standard has-post-thumbnail sticky hentry category-eventos-de-festivales-de-fiesta category-sin-categorizar\">\n\n\t\t\t\t<a href=\"https:\/\/visitestepona.eu\/es\/feria-festivales-y-festivales-en-la-provincia-de-malaga-2020\/\" class=\"entry-featured-image-url\"><img loading=\"lazy\" decoding=\"async\" src=\"https:\/\/visitestepona.eu\/wp-content\/uploads\/2021\/05\/329_Feria-2015-7-1080x675.jpg\" alt=\"Feria: Fiestas y Festivales en la provincia de M\u00e1laga 2023\" class=\"\" width=\"1080\" height=\"675\" srcset=\"https:\/\/visitestepona.eu\/wp-content\/uploads\/2021\/05\/329_Feria-2015-7-980x735.jpg 980w, https:\/\/visitestepona.eu\/wp-content\/uploads\/2021\/05\/329_Feria-2015-7-480x360.jpg 480w\" sizes=\"(min-width: 0px) and (max-width: 480px) 480px, (min-width: 481px) and (max-width: 980px) 980px, (min-width: 981px) 1080px, 100vw\" title=\"\"><span class=\"et_overlay\"><\/span><\/a>\n\t\t\t\t\t\t\t\t\t\t\t\t\t\t<h2 class=\"entry-title\">\n\t\t\t\t\t\t\t\t\t\t\t\t\t<a href=\"https:\/\/visitestepona.eu\/es\/feria-festivales-y-festivales-en-la-provincia-de-malaga-2020\/\">Feria: Fiestas y Festivales en la provincia de M\u00e1laga 2023<\/a>\n\t\t\t\t\t\t\t\t\t\t\t<\/h2>\n\t\t\t\t\n\t\t\t\t\t<p class=\"post-meta\"><a href=\"https:\/\/visitestepona.eu\/es\/category\/eventos-de-festivales-de-fiesta\/\" rel=\"tag\">eventos de festivales de fiesta<\/a>, <a href=\"https:\/\/visitestepona.eu\/es\/category\/sin-categorizar\/\" rel=\"tag\">Sin categorizar<\/a><\/p><div class=\"post-content\"><div class=\"post-content-inner\"><p>Feria Estepona 2024: del 2 al 7 de julio de 2024 Durante casi una semana, la ciudad se envuelve en m\u00fasica, color, danza, desfiles de carrozas y espect\u00e1culos folcl\u00f3ricos. La feria se divide en dos partes: d\u00eda y noche. &#8211; Durante el d\u00eda hay numerosos bares abiertos y hay mucho color en las calles donde los lugare\u00f1os y visitantes se re\u00fanen para disfrutar del vino manzanilla, la m\u00fasica y el baile. &#8211; Por la noche, la diversi\u00f3n se traslada al Recinto Ferial, con numerosos puestos y atracciones para todas las edades.<\/p>\n<\/div><a href=\"https:\/\/visitestepona.eu\/es\/feria-festivales-y-festivales-en-la-provincia-de-malaga-2020\/\" class=\"more-link\">leer m\u00e1s<\/a><\/div>\t\t\t\n\t\t\t<\/article>\n\t\t\t\t\n\t\t\t<article id=\"post-229185\" class=\"et_pb_post clearfix et_pb_has_overlay et_pb_blog_item_0_2 post-229185 post type-post status-publish format-standard has-post-thumbnail hentry category-donde-comer-y-beber category-puntos-de-acceso-a-estepona tag-almuerzo tag-cena tag-usica-en-vivo-en-estepona-o-sus-alrededores tag-restaurantes-y-bares\">\n\n\t\t\t\t<a href=\"https:\/\/visitestepona.eu\/es\/mar-de-sazzon\/\" class=\"entry-featured-image-url\"><img loading=\"lazy\" decoding=\"async\" src=\"https:\/\/visitestepona.eu\/wp-content\/uploads\/2026\/06\/604035439_17875119159463598_277689629510455741_n.jpg\" alt=\"Mar de Sazz\u00f3n\" class=\"\" width=\"1080\" height=\"675\" title=\"\"><span class=\"et_overlay\"><\/span><\/a>\n\t\t\t\t\t\t\t\t\t\t\t\t\t\t<h2 class=\"entry-title\">\n\t\t\t\t\t\t\t\t\t\t\t\t\t<a href=\"https:\/\/visitestepona.eu\/es\/mar-de-sazzon\/\">Mar de Sazz\u00f3n<\/a>\n\t\t\t\t\t\t\t\t\t\t\t<\/h2>\n\t\t\t\t\n\t\t\t\t\t<p class=\"post-meta\"><a href=\"https:\/\/visitestepona.eu\/es\/category\/donde-comer-y-beber\/\" rel=\"tag\">D\u00f3nde comer y beber<\/a>, <a href=\"https:\/\/visitestepona.eu\/es\/category\/puntos-de-acceso-a-estepona\/\" rel=\"tag\">Puntos de acceso a Estepona<\/a><\/p><div class=\"post-content\"><div class=\"post-content-inner\"><p>Mar de Sazz\u00f3n: Donde el alma mediterr\u00e1nea se encuentra con sabores globales \u00bfBuscas una experiencia culinaria inolvidable en Estepona? No busques m\u00e1s: Mar de Sazz\u00f3n. Capturando...<\/p>\n<\/div><a href=\"https:\/\/visitestepona.eu\/es\/mar-de-sazzon\/\" class=\"more-link\">leer m\u00e1s<\/a><\/div>\t\t\t\n\t\t\t<\/article>\n\t\t\t\t\n\t\t\t<article id=\"post-229157\" class=\"et_pb_post clearfix et_pb_has_overlay et_pb_blog_item_0_3 post-229157 post type-post status-publish format-standard has-post-thumbnail hentry category-sin-categorizar category-donde-comer-y-beber category-puntos-de-acceso-a-estepona tag-beachclub tag-almuerzo tag-cena tag-usica-en-vivo-en-estepona-o-sus-alrededores tag-restaurantes-y-bares\">\n\n\t\t\t\t<a href=\"https:\/\/visitestepona.eu\/es\/kai\/\" class=\"entry-featured-image-url\"><img loading=\"lazy\" decoding=\"async\" src=\"https:\/\/visitestepona.eu\/wp-content\/uploads\/2026\/06\/KAI-Estepona-1080x675.webp\" alt=\"KAI\" class=\"\" width=\"1080\" height=\"675\" srcset=\"https:\/\/visitestepona.eu\/wp-content\/uploads\/2026\/06\/KAI-Estepona-980x653.webp 980w, https:\/\/visitestepona.eu\/wp-content\/uploads\/2026\/06\/KAI-Estepona-480x320.webp 480w\" sizes=\"(min-width: 0px) and (max-width: 480px) 480px, (min-width: 481px) and (max-width: 980px) 980px, (min-width: 981px) 1080px, 100vw\" title=\"\"><span class=\"et_overlay\"><\/span><\/a>\n\t\t\t\t\t\t\t\t\t\t\t\t\t\t<h2 class=\"entry-title\">\n\t\t\t\t\t\t\t\t\t\t\t\t\t<a href=\"https:\/\/visitestepona.eu\/es\/kai\/\">KAI<\/a>\n\t\t\t\t\t\t\t\t\t\t\t<\/h2>\n\t\t\t\t\n\t\t\t\t\t<p class=\"post-meta\"><a href=\"https:\/\/visitestepona.eu\/es\/category\/sin-categorizar\/\" rel=\"tag\">Sin categorizar<\/a>, <a href=\"https:\/\/visitestepona.eu\/es\/category\/donde-comer-y-beber\/\" rel=\"tag\">D\u00f3nde comer y beber<\/a>, <a href=\"https:\/\/visitestepona.eu\/es\/category\/puntos-de-acceso-a-estepona\/\" rel=\"tag\">Puntos de acceso a Estepona<\/a><\/p><div class=\"post-content\"><div class=\"post-content-inner\"><p>KAI Estepona: Lujo exclusivo junto al mar en Laguna Beach Descubre la experiencia definitiva de club de d\u00eda mediterr\u00e1neo en KAI Estepona, la impresionante joya de la reci\u00e9n...<\/p>\n<\/div><a href=\"https:\/\/visitestepona.eu\/es\/kai\/\" class=\"more-link\">leer m\u00e1s<\/a><\/div>\t\t\t\n\t\t\t<\/article>\n\t\t\t\t\n\t\t\t<article id=\"post-229132\" class=\"et_pb_post clearfix et_pb_has_overlay et_pb_blog_item_0_4 post-229132 post type-post status-publish format-standard has-post-thumbnail hentry category-donde-comer-y-beber tag-beachclub tag-almuerzo\">\n\n\t\t\t\t<a href=\"https:\/\/visitestepona.eu\/es\/camuri\/\" class=\"entry-featured-image-url\"><img loading=\"lazy\" decoding=\"async\" src=\"https:\/\/visitestepona.eu\/wp-content\/uploads\/2026\/06\/658453432_18538789273069937_1991088933654174273_n-1080x675.jpg\" alt=\"Camuri\" class=\"\" width=\"1080\" height=\"675\" srcset=\"https:\/\/visitestepona.eu\/wp-content\/uploads\/2026\/06\/658453432_18538789273069937_1991088933654174273_n-1080x675.jpg 1080w, https:\/\/visitestepona.eu\/wp-content\/uploads\/2026\/06\/658453432_18538789273069937_1991088933654174273_n-980x1225.jpg 980w, https:\/\/visitestepona.eu\/wp-content\/uploads\/2026\/06\/658453432_18538789273069937_1991088933654174273_n-480x600.jpg 480w\" sizes=\"(min-width: 0px) and (max-width: 480px) 480px, (min-width: 481px) and (max-width: 980px) 980px, (min-width: 981px) 1080px, 100vw\" title=\"\"><span class=\"et_overlay\"><\/span><\/a>\n\t\t\t\t\t\t\t\t\t\t\t\t\t\t<h2 class=\"entry-title\">\n\t\t\t\t\t\t\t\t\t\t\t\t\t<a href=\"https:\/\/visitestepona.eu\/es\/camuri\/\">Camuri<\/a>\n\t\t\t\t\t\t\t\t\t\t\t<\/h2>\n\t\t\t\t\n\t\t\t\t\t<p class=\"post-meta\"><a href=\"https:\/\/visitestepona.eu\/es\/category\/donde-comer-y-beber\/\" rel=\"tag\">D\u00f3nde comer y beber<\/a><\/p><div class=\"post-content\"><div class=\"post-content-inner\"><p>Bienvenido a Camuri Estepona: Tu elegante escapada junto a la playa D\u00edas ba\u00f1ados por el sol, excelencia culinaria y el ambiente mediterr\u00e1neo definitivo. Situada justo en las...<\/p>\n<\/div><a href=\"https:\/\/visitestepona.eu\/es\/camuri\/\" class=\"more-link\">leer m\u00e1s<\/a><\/div>\t\t\t\n\t\t\t<\/article>\n\t\t\t\t\n\t\t\t<article id=\"post-229059\" class=\"et_pb_post clearfix et_pb_has_overlay et_pb_blog_item_0_5 post-229059 post type-post status-publish format-standard has-post-thumbnail hentry category-donde-comer-y-beber tag-almuerzo tag-cena tag-restaurantes-y-bares\">\n\n\t\t\t\t<a href=\"https:\/\/visitestepona.eu\/es\/el-arbol-boab\/\" class=\"entry-featured-image-url\"><img loading=\"lazy\" decoding=\"async\" src=\"https:\/\/visitestepona.eu\/wp-content\/uploads\/2026\/06\/639732141_1981606485762688_4579448948833091209_n-1-640x675.jpg\" alt=\"El \u00e1rbol Boab\" class=\"\" width=\"1080\" height=\"675\" srcset=\"https:\/\/visitestepona.eu\/wp-content\/uploads\/2026\/06\/639732141_1981606485762688_4579448948833091209_n-1-640x675.jpg 1080w, https:\/\/visitestepona.eu\/wp-content\/uploads\/2026\/06\/639732141_1981606485762688_4579448948833091209_n-1-480x852.jpg 480w\" sizes=\"(min-width: 0px) and (max-width: 480px) 480px, (min-width: 481px) 1080px, 100vw\" title=\"\"><span class=\"et_overlay\"><\/span><\/a>\n\t\t\t\t\t\t\t\t\t\t\t\t\t\t<h2 class=\"entry-title\">\n\t\t\t\t\t\t\t\t\t\t\t\t\t<a href=\"https:\/\/visitestepona.eu\/es\/el-arbol-boab\/\">El \u00e1rbol Boab<\/a>\n\t\t\t\t\t\t\t\t\t\t\t<\/h2>\n\t\t\t\t\n\t\t\t\t\t<p class=\"post-meta\"><a href=\"https:\/\/visitestepona.eu\/es\/category\/donde-comer-y-beber\/\" rel=\"tag\">D\u00f3nde comer y beber<\/a><\/p><div class=\"post-content\"><div class=\"post-content-inner\"><p>El \u00e1rbol de Boab \u2013 Arte, vino natural y fuego mediterr\u00e1neo en la Calle Caridad Hay restaurantes y luego est\u00e1n las experiencias. El \u00c1rbol Boab, situado en la Calle Caridad 93 en...<\/p>\n<\/div><a href=\"https:\/\/visitestepona.eu\/es\/el-arbol-boab\/\" class=\"more-link\">leer m\u00e1s<\/a><\/div>\t\t\t\n\t\t\t<\/article>\n\t\t\t\t\n\t\t\t<article id=\"post-229038\" class=\"et_pb_post clearfix et_pb_has_overlay et_pb_blog_item_0_6 post-229038 post type-post status-publish format-standard has-post-thumbnail hentry category-donde-comer-y-beber tag-almuerzo tag-cena tag-restaurantes-y-bares\">\n\n\t\t\t\t<a href=\"https:\/\/visitestepona.eu\/es\/abanico\/\" class=\"entry-featured-image-url\"><img loading=\"lazy\" decoding=\"async\" src=\"https:\/\/visitestepona.eu\/wp-content\/uploads\/2026\/06\/516234597_18065952527472873_5325498100315105456_n-1080x675.jpg\" alt=\"Abanico\" class=\"\" width=\"1080\" height=\"675\" srcset=\"https:\/\/visitestepona.eu\/wp-content\/uploads\/2026\/06\/516234597_18065952527472873_5325498100315105456_n-1080x675.jpg 1080w, https:\/\/visitestepona.eu\/wp-content\/uploads\/2026\/06\/516234597_18065952527472873_5325498100315105456_n-980x1148.jpg 980w, https:\/\/visitestepona.eu\/wp-content\/uploads\/2026\/06\/516234597_18065952527472873_5325498100315105456_n-480x562.jpg 480w\" sizes=\"(min-width: 0px) and (max-width: 480px) 480px, (min-width: 481px) and (max-width: 980px) 980px, (min-width: 981px) 1080px, 100vw\" title=\"\"><span class=\"et_overlay\"><\/span><\/a>\n\t\t\t\t\t\t\t\t\t\t\t\t\t\t<h2 class=\"entry-title\">\n\t\t\t\t\t\t\t\t\t\t\t\t\t<a href=\"https:\/\/visitestepona.eu\/es\/abanico\/\">Abanico<\/a>\n\t\t\t\t\t\t\t\t\t\t\t<\/h2>\n\t\t\t\t\n\t\t\t\t\t<p class=\"post-meta\"><a href=\"https:\/\/visitestepona.eu\/es\/category\/donde-comer-y-beber\/\" rel=\"tag\">D\u00f3nde comer y beber<\/a><\/p><div class=\"post-content\"><div class=\"post-content-inner\"><p>Abanico \u2013 Alma Argentina en el casco antiguo de Estepona Escondido en el Camino del Padre Cura, justo a las afueras del casco antiguo de Estepona, Abanico es el tipo de...<\/p>\n<\/div><a href=\"https:\/\/visitestepona.eu\/es\/abanico\/\" class=\"more-link\">leer m\u00e1s<\/a><\/div>\t\t\t\n\t\t\t<\/article>\n\t\t\t\t\n\t\t\t<article id=\"post-228922\" class=\"et_pb_post clearfix et_pb_has_overlay et_pb_blog_item_0_7 post-228922 post type-post status-publish format-standard has-post-thumbnail hentry category-donde-comer-y-beber tag-beachclub tag-almuerzo tag-restaurantes-y-bares tag-chiringuitos-es\">\n\n\t\t\t\t<a href=\"https:\/\/visitestepona.eu\/es\/playa-salduna\/\" class=\"entry-featured-image-url\"><img loading=\"lazy\" decoding=\"async\" src=\"https:\/\/visitestepona.eu\/wp-content\/uploads\/2026\/06\/Salduna-Beach-cover-1080x675.jpg\" alt=\"Playa Salduna\" class=\"\" width=\"1080\" height=\"675\" srcset=\"https:\/\/visitestepona.eu\/wp-content\/uploads\/2026\/06\/Salduna-Beach-cover-980x589.jpg 980w, https:\/\/visitestepona.eu\/wp-content\/uploads\/2026\/06\/Salduna-Beach-cover-480x288.jpg 480w\" sizes=\"(min-width: 0px) and (max-width: 480px) 480px, (min-width: 481px) and (max-width: 980px) 980px, (min-width: 981px) 1080px, 100vw\" title=\"\"><span class=\"et_overlay\"><\/span><\/a>\n\t\t\t\t\t\t\t\t\t\t\t\t\t\t<h2 class=\"entry-title\">\n\t\t\t\t\t\t\t\t\t\t\t\t\t<a href=\"https:\/\/visitestepona.eu\/es\/playa-salduna\/\">Playa Salduna<\/a>\n\t\t\t\t\t\t\t\t\t\t\t<\/h2>\n\t\t\t\t\n\t\t\t\t\t<p class=\"post-meta\"><a href=\"https:\/\/visitestepona.eu\/es\/category\/donde-comer-y-beber\/\" rel=\"tag\">D\u00f3nde comer y beber<\/a><\/p><div class=\"post-content\"><div class=\"post-content-inner\"><p>Playa Salduna: Elegancia Boho-Chic y atardeceres dorados Escondida en las tranquilas orillas de Playa Benamara\u2014justo en la frontera oriental donde Estepona se encuentra con...<\/p>\n<\/div><a href=\"https:\/\/visitestepona.eu\/es\/playa-salduna\/\" class=\"more-link\">leer m\u00e1s<\/a><\/div>\t\t\t\n\t\t\t<\/article>\n\t\t\t\t\n\t\t\t<article id=\"post-228795\" class=\"et_pb_post clearfix et_pb_has_overlay et_pb_blog_item_0_8 post-228795 post type-post status-publish format-standard has-post-thumbnail hentry category-sin-categorizar\">\n\n\t\t\t\t<a href=\"https:\/\/visitestepona.eu\/es\/%f0%9f%90%ac-avistamiento-de-delfines-una-visita-obligada-en-la-marina-de-estepona\/\" class=\"entry-featured-image-url\"><img loading=\"lazy\" decoding=\"async\" src=\"https:\/\/visitestepona.eu\/wp-content\/uploads\/2026\/02\/pexels-jonasvonwerne-2203771-1-1080x675.jpg\" alt=\"\ud83d\udc2c Avistamiento de delfines: una visita obligada en la Marina de Estepona\" class=\"\" width=\"1080\" height=\"675\" srcset=\"https:\/\/visitestepona.eu\/wp-content\/uploads\/2026\/02\/pexels-jonasvonwerne-2203771-1-980x551.jpg 980w, https:\/\/visitestepona.eu\/wp-content\/uploads\/2026\/02\/pexels-jonasvonwerne-2203771-1-480x270.jpg 480w\" sizes=\"(min-width: 0px) and (max-width: 480px) 480px, (min-width: 481px) and (max-width: 980px) 980px, (min-width: 981px) 1080px, 100vw\" title=\"\"><span class=\"et_overlay\"><\/span><\/a>\n\t\t\t\t\t\t\t\t\t\t\t\t\t\t<h2 class=\"entry-title\">\n\t\t\t\t\t\t\t\t\t\t\t\t\t<a href=\"https:\/\/visitestepona.eu\/es\/%f0%9f%90%ac-avistamiento-de-delfines-una-visita-obligada-en-la-marina-de-estepona\/\">\ud83d\udc2c Avistamiento de delfines: una visita obligada en la Marina de Estepona<\/a>\n\t\t\t\t\t\t\t\t\t\t\t<\/h2>\n\t\t\t\t\n\t\t\t\t\t<p class=\"post-meta\"><a href=\"https:\/\/visitestepona.eu\/es\/category\/sin-categorizar\/\" rel=\"tag\">Sin categorizar<\/a><\/p><div class=\"post-content\"><div class=\"post-content-inner\"><p>Zarpa de la vibrante marina de Estepona para un encuentro inolvidable con delfines salvajes. Experimenta la magia del Mediterr\u00e1neo mientras recorres la costa, con las impresionantes monta\u00f1as de la Sierra Bermeja como tel\u00f3n de fondo. Una visita obligada para familias y amantes de la naturaleza que visitan el Jard\u00edn de la Costa del Sol.  <\/p>\n<\/div><a href=\"https:\/\/visitestepona.eu\/es\/%f0%9f%90%ac-avistamiento-de-delfines-una-visita-obligada-en-la-marina-de-estepona\/\" class=\"more-link\">leer m\u00e1s<\/a><\/div>\t\t\t\n\t\t\t<\/article>\n\t\t\t\t\n\t\t\t<article id=\"post-228904\" class=\"et_pb_post clearfix et_pb_has_overlay et_pb_blog_item_0_9 post-228904 post type-post status-publish format-standard has-post-thumbnail hentry category-donde-comer-y-beber tag-chiringuitos-es\">\n\n\t\t\t\t<a href=\"https:\/\/visitestepona.eu\/es\/playa-de-barraka\/\" class=\"entry-featured-image-url\"><img loading=\"lazy\" decoding=\"async\" src=\"https:\/\/visitestepona.eu\/wp-content\/uploads\/2026\/06\/Barraka-Beach-Estepona-1080x420.jpg\" alt=\"Playa de Barraka\" class=\"\" width=\"1080\" height=\"675\" srcset=\"https:\/\/visitestepona.eu\/wp-content\/uploads\/2026\/06\/Barraka-Beach-Estepona-1080x420.jpg 1080w, https:\/\/visitestepona.eu\/wp-content\/uploads\/2026\/06\/Barraka-Beach-Estepona-980x343.jpg 980w, https:\/\/visitestepona.eu\/wp-content\/uploads\/2026\/06\/Barraka-Beach-Estepona-480x168.jpg 480w\" sizes=\"(min-width: 0px) and (max-width: 480px) 480px, (min-width: 481px) and (max-width: 980px) 980px, (min-width: 981px) 1080px, 100vw\" title=\"\"><span class=\"et_overlay\"><\/span><\/a>\n\t\t\t\t\t\t\t\t\t\t\t\t\t\t<h2 class=\"entry-title\">\n\t\t\t\t\t\t\t\t\t\t\t\t\t<a href=\"https:\/\/visitestepona.eu\/es\/playa-de-barraka\/\">Playa de Barraka<\/a>\n\t\t\t\t\t\t\t\t\t\t\t<\/h2>\n\t\t\t\t\n\t\t\t\t\t<p class=\"post-meta\"><a href=\"https:\/\/visitestepona.eu\/es\/category\/donde-comer-y-beber\/\" rel=\"tag\">D\u00f3nde comer y beber<\/a><\/p><div class=\"post-content\"><div class=\"post-content-inner\"><p>Playa de Barraka: Un refugio costero relajado en Villacana Mientras que la mayor\u00eda de los bulliciosos lugares de playa de Estepona se encuentran justo a lo largo del paseo...<\/p>\n<\/div><a href=\"https:\/\/visitestepona.eu\/es\/playa-de-barraka\/\" class=\"more-link\">leer m\u00e1s<\/a><\/div>\t\t\t\n\t\t\t<\/article>\n\t\t\t\t\n\t\t\t<article id=\"post-228932\" class=\"et_pb_post clearfix et_pb_has_overlay et_pb_blog_item_0_10 post-228932 post type-post status-publish format-standard has-post-thumbnail hentry category-donde-comer-y-beber tag-beachclub tag-almuerzo tag-cena tag-restaurantes-y-bares\">\n\n\t\t\t\t<a href=\"https:\/\/visitestepona.eu\/es\/club-y-piscina-de-la-playa-spiler\/\" class=\"entry-featured-image-url\"><img loading=\"lazy\" decoding=\"async\" src=\"https:\/\/visitestepona.eu\/wp-content\/uploads\/2026\/06\/Melia-Spiler-1080x675.avif\" alt=\"Club y Piscina de la Playa Sp\u00edler\" class=\"\" width=\"1080\" height=\"675\" title=\"\"><span class=\"et_overlay\"><\/span><\/a>\n\t\t\t\t\t\t\t\t\t\t\t\t\t\t<h2 class=\"entry-title\">\n\t\t\t\t\t\t\t\t\t\t\t\t\t<a href=\"https:\/\/visitestepona.eu\/es\/club-y-piscina-de-la-playa-spiler\/\">Club y Piscina de la Playa Sp\u00edler<\/a>\n\t\t\t\t\t\t\t\t\t\t\t<\/h2>\n\t\t\t\t\n\t\t\t\t\t<p class=\"post-meta\"><a href=\"https:\/\/visitestepona.eu\/es\/category\/donde-comer-y-beber\/\" rel=\"tag\">D\u00f3nde comer y beber<\/a><\/p><div class=\"post-content\"><div class=\"post-content-inner\"><p>Sp\u00edler Beach Club &amp; Pool (en Hacienda del Mar, Colecci\u00f3n Meli\u00e1) (anteriormente Kempinski) Durante d\u00e9cadas, el est\u00e1ndar de lujo en la playa de El Padr\u00f3n de Estepona lo...<\/p>\n<\/div><a href=\"https:\/\/visitestepona.eu\/es\/club-y-piscina-de-la-playa-spiler\/\" class=\"more-link\">leer m\u00e1s<\/a><\/div>\t\t\t\n\t\t\t<\/article>\n\t\t\t\t\n\t\t\t<article id=\"post-229002\" class=\"et_pb_post clearfix et_pb_has_overlay et_pb_blog_item_0_11 post-229002 post type-post status-publish format-standard has-post-thumbnail hentry category-donde-comer-y-beber tag-almuerzo tag-usica-en-vivo-en-estepona-o-sus-alrededores tag-restaurantes-y-bares tag-chiringuitos-es\">\n\n\t\t\t\t<a href=\"https:\/\/visitestepona.eu\/es\/chiringuito-cubanga\/\" class=\"entry-featured-image-url\"><img loading=\"lazy\" decoding=\"async\" src=\"https:\/\/visitestepona.eu\/wp-content\/uploads\/2026\/06\/Cubanga-3-1080x675.jpg\" alt=\"Chiringuito Cubanga (Duquesa)\" class=\"\" width=\"1080\" height=\"675\" srcset=\"https:\/\/visitestepona.eu\/wp-content\/uploads\/2026\/06\/Cubanga-3-980x485.jpg 980w, https:\/\/visitestepona.eu\/wp-content\/uploads\/2026\/06\/Cubanga-3-480x237.jpg 480w\" sizes=\"(min-width: 0px) and (max-width: 480px) 480px, (min-width: 481px) and (max-width: 980px) 980px, (min-width: 981px) 1080px, 100vw\" title=\"\"><span class=\"et_overlay\"><\/span><\/a>\n\t\t\t\t\t\t\t\t\t\t\t\t\t\t<h2 class=\"entry-title\">\n\t\t\t\t\t\t\t\t\t\t\t\t\t<a href=\"https:\/\/visitestepona.eu\/es\/chiringuito-cubanga\/\">Chiringuito Cubanga (Duquesa)<\/a>\n\t\t\t\t\t\t\t\t\t\t\t<\/h2>\n\t\t\t\t\n\t\t\t\t\t<p class=\"post-meta\"><a href=\"https:\/\/visitestepona.eu\/es\/category\/donde-comer-y-beber\/\" rel=\"tag\">D\u00f3nde comer y beber<\/a><\/p><div class=\"post-content\"><div class=\"post-content-inner\"><p>Chiringuito Cubanga \u2013 Gastronom\u00eda en la orilla del Puerto de la DuquesaJusto en Playa Levante, a pocos pasos de la animada marina de Puerto de la Duquesa, Cubanga Beach Club es...<\/p>\n<\/div><a href=\"https:\/\/visitestepona.eu\/es\/chiringuito-cubanga\/\" class=\"more-link\">leer m\u00e1s<\/a><\/div>\t\t\t\n\t\t\t<\/article>\n\t\t\t\t\n\t\t\t<article id=\"post-228891\" class=\"et_pb_post clearfix et_pb_has_overlay et_pb_blog_item_0_12 post-228891 post type-post status-publish format-standard has-post-thumbnail hentry category-donde-comer-y-beber tag-beachclub\">\n\n\t\t\t\t<a href=\"https:\/\/visitestepona.eu\/es\/finca-cortesin-beach-club\/\" class=\"entry-featured-image-url\"><img loading=\"lazy\" decoding=\"async\" src=\"https:\/\/visitestepona.eu\/wp-content\/uploads\/2026\/06\/Finca-Cortesin-Beach-Club-1080x675.webp\" alt=\"Finca Cortes\u00edn Beach Club\" class=\"\" width=\"1080\" height=\"675\" srcset=\"https:\/\/visitestepona.eu\/wp-content\/uploads\/2026\/06\/Finca-Cortesin-Beach-Club-1080x675.webp 1080w, https:\/\/visitestepona.eu\/wp-content\/uploads\/2026\/06\/Finca-Cortesin-Beach-Club-980x735.webp 980w, https:\/\/visitestepona.eu\/wp-content\/uploads\/2026\/06\/Finca-Cortesin-Beach-Club-480x360.webp 480w\" sizes=\"(min-width: 0px) and (max-width: 480px) 480px, (min-width: 481px) and (max-width: 980px) 980px, (min-width: 981px) 1080px, 100vw\" title=\"\"><span class=\"et_overlay\"><\/span><\/a>\n\t\t\t\t\t\t\t\t\t\t\t\t\t\t<h2 class=\"entry-title\">\n\t\t\t\t\t\t\t\t\t\t\t\t\t<a href=\"https:\/\/visitestepona.eu\/es\/finca-cortesin-beach-club\/\">Finca Cortes\u00edn Beach Club<\/a>\n\t\t\t\t\t\t\t\t\t\t\t<\/h2>\n\t\t\t\t\n\t\t\t\t\t<p class=\"post-meta\"><a href=\"https:\/\/visitestepona.eu\/es\/category\/donde-comer-y-beber\/\" rel=\"tag\">D\u00f3nde comer y beber<\/a><\/p><div class=\"post-content\"><div class=\"post-content-inner\"><p>Finca Cortes\u00edn Beach Club: Lujo discreto en la orilla Aunque la galardonada finca Finca Cortes\u00edn es famosa por sus colinas onduladas y su golf de clase mundial, su exclusivo...<\/p>\n<\/div><a href=\"https:\/\/visitestepona.eu\/es\/finca-cortesin-beach-club\/\" class=\"more-link\">leer m\u00e1s<\/a><\/div>\t\t\t\n\t\t\t<\/article>\n\t\t\t\t\n\t\t\t<article id=\"post-228865\" class=\"et_pb_post clearfix et_pb_has_overlay et_pb_blog_item_0_13 post-228865 post type-post status-publish format-standard has-post-thumbnail hentry category-donde-comer-y-beber tag-beachclub tag-almuerzo tag-restaurantes-y-bares\">\n\n\t\t\t\t<a href=\"https:\/\/visitestepona.eu\/es\/nido-estepona\/\" class=\"entry-featured-image-url\"><img loading=\"lazy\" decoding=\"async\" src=\"https:\/\/visitestepona.eu\/wp-content\/uploads\/2026\/06\/Nido-Estepona-1080x675.jpeg\" alt=\"Nido Estepona\" class=\"\" width=\"1080\" height=\"675\" srcset=\"https:\/\/visitestepona.eu\/wp-content\/uploads\/2026\/06\/Nido-Estepona-980x551.jpeg 980w, https:\/\/visitestepona.eu\/wp-content\/uploads\/2026\/06\/Nido-Estepona-480x270.jpeg 480w\" sizes=\"(min-width: 0px) and (max-width: 480px) 480px, (min-width: 481px) and (max-width: 980px) 980px, (min-width: 981px) 1080px, 100vw\" title=\"\"><span class=\"et_overlay\"><\/span><\/a>\n\t\t\t\t\t\t\t\t\t\t\t\t\t\t<h2 class=\"entry-title\">\n\t\t\t\t\t\t\t\t\t\t\t\t\t<a href=\"https:\/\/visitestepona.eu\/es\/nido-estepona\/\">Nido Estepona<\/a>\n\t\t\t\t\t\t\t\t\t\t\t<\/h2>\n\t\t\t\t\n\t\t\t\t\t<p class=\"post-meta\"><a href=\"https:\/\/visitestepona.eu\/es\/category\/donde-comer-y-beber\/\" rel=\"tag\">D\u00f3nde comer y beber<\/a><\/p><div class=\"post-content\"><div class=\"post-content-inner\"><p>Nido Estepona: Ambiente chic y vecinos interesantes Si buscas esa cl\u00e1sica y est\u00e9tica \"est\u00e9tica de Ibiza\" aqu\u00ed mismo en la Costa del Sol, Nido Estepona es una opci\u00f3n preciosa. Con...<\/p>\n<\/div><a href=\"https:\/\/visitestepona.eu\/es\/nido-estepona\/\" class=\"more-link\">leer m\u00e1s<\/a><\/div>\t\t\t\n\t\t\t<\/article>\n\t\t\t\t\n\t\t\t<article id=\"post-228816\" class=\"et_pb_post clearfix et_pb_has_overlay et_pb_blog_item_0_14 post-228816 post type-post status-publish format-standard has-post-thumbnail hentry category-puntos-de-acceso-a-estepona category-donde-comer-y-beber tag-restaurantes-y-bares\">\n\n\t\t\t\t<a href=\"https:\/\/visitestepona.eu\/es\/coalla-estepona\/\" class=\"entry-featured-image-url\"><img loading=\"lazy\" decoding=\"async\" src=\"https:\/\/visitestepona.eu\/wp-content\/uploads\/2026\/04\/7-1080x675.jpg\" alt=\"Coalla Estepona\" class=\"\" width=\"1080\" height=\"675\" srcset=\"https:\/\/visitestepona.eu\/wp-content\/uploads\/2026\/04\/7-980x690.jpg 980w, https:\/\/visitestepona.eu\/wp-content\/uploads\/2026\/04\/7-480x338.jpg 480w\" sizes=\"(min-width: 0px) and (max-width: 480px) 480px, (min-width: 481px) and (max-width: 980px) 980px, (min-width: 981px) 1080px, 100vw\" title=\"\"><span class=\"et_overlay\"><\/span><\/a>\n\t\t\t\t\t\t\t\t\t\t\t\t\t\t<h2 class=\"entry-title\">\n\t\t\t\t\t\t\t\t\t\t\t\t\t<a href=\"https:\/\/visitestepona.eu\/es\/coalla-estepona\/\">Coalla Estepona<\/a>\n\t\t\t\t\t\t\t\t\t\t\t<\/h2>\n\t\t\t\t\n\t\t\t\t\t<p class=\"post-meta\"><a href=\"https:\/\/visitestepona.eu\/es\/category\/puntos-de-acceso-a-estepona\/\" rel=\"tag\">Puntos de acceso a Estepona<\/a>, <a href=\"https:\/\/visitestepona.eu\/es\/category\/donde-comer-y-beber\/\" rel=\"tag\">D\u00f3nde comer y beber<\/a><\/p><div class=\"post-content\"><div class=\"post-content-inner\"><p>Coalla Estepona trae un toque del norte de Espa\u00f1a a la Costa del Sol. Situada en el Mercado de Santa Ana, un mercado vibrante y animado, Coalla Estepona es mucho m\u00e1s que una...<\/p>\n<\/div><a href=\"https:\/\/visitestepona.eu\/es\/coalla-estepona\/\" class=\"more-link\">leer m\u00e1s<\/a><\/div>\t\t\t\n\t\t\t<\/article>\n\t\t\t\t\n\t\t\t<article id=\"post-228769\" class=\"et_pb_post clearfix et_pb_has_overlay et_pb_blog_item_0_15 post-228769 post type-post status-publish format-standard has-post-thumbnail hentry category-eventos-de-festivales-de-fiesta category-sin-categorizar\">\n\n\t\t\t\t<a href=\"https:\/\/visitestepona.eu\/es\/semana-santa-2026-estepona\/\" class=\"entry-featured-image-url\"><img loading=\"lazy\" decoding=\"async\" src=\"https:\/\/visitestepona.eu\/wp-content\/uploads\/2026\/03\/CARTEL-SS-ESTEPONA-2026-526x675.jpg\" alt=\"Semana Santa 2026 Estepona\" class=\"\" width=\"1080\" height=\"675\" srcset=\"https:\/\/visitestepona.eu\/wp-content\/uploads\/2026\/03\/CARTEL-SS-ESTEPONA-2026-526x675.jpg 1080w, https:\/\/visitestepona.eu\/wp-content\/uploads\/2026\/03\/CARTEL-SS-ESTEPONA-2026-480x853.jpg 480w\" sizes=\"(min-width: 0px) and (max-width: 480px) 480px, (min-width: 481px) 1080px, 100vw\" title=\"\"><span class=\"et_overlay\"><\/span><\/a>\n\t\t\t\t\t\t\t\t\t\t\t\t\t\t<h2 class=\"entry-title\">\n\t\t\t\t\t\t\t\t\t\t\t\t\t<a href=\"https:\/\/visitestepona.eu\/es\/semana-santa-2026-estepona\/\">Semana Santa 2026 Estepona<\/a>\n\t\t\t\t\t\t\t\t\t\t\t<\/h2>\n\t\t\t\t\n\t\t\t\t\t<p class=\"post-meta\"><a href=\"https:\/\/visitestepona.eu\/es\/category\/eventos-de-festivales-de-fiesta\/\" rel=\"tag\">eventos de festivales de fiesta<\/a>, <a href=\"https:\/\/visitestepona.eu\/es\/category\/sin-categorizar\/\" rel=\"tag\">Sin categorizar<\/a><\/p><div class=\"post-content\"><div class=\"post-content-inner\"><\/div><a href=\"https:\/\/visitestepona.eu\/es\/semana-santa-2026-estepona\/\" class=\"more-link\">leer m\u00e1s<\/a><\/div>\t\t\t\n\t\t\t<\/article>\n\t\t\t\t\n\t\t\t<article id=\"post-228787\" class=\"et_pb_post clearfix et_pb_has_overlay et_pb_blog_item_0_16 post-228787 post type-post status-publish format-standard has-post-thumbnail hentry category-sin-categorizar category-naturaleza category-puntos-de-acceso-a-estepona\">\n\n\t\t\t\t<a href=\"https:\/\/visitestepona.eu\/es\/el-orquideo-de-estepona-un-paraiso-tropical-bajo-cristal\/\" class=\"entry-featured-image-url\"><img loading=\"lazy\" decoding=\"async\" src=\"https:\/\/visitestepona.eu\/wp-content\/uploads\/2026\/02\/orquidarioexterior-781x1024-1-781x675.jpeg\" alt=\"El Orqu\u00eddeo de Estepona: Un para\u00edso tropical bajo cristal\" class=\"\" width=\"1080\" height=\"675\" srcset=\"https:\/\/visitestepona.eu\/wp-content\/uploads\/2026\/02\/orquidarioexterior-781x1024-1-781x675.jpeg 1080w, https:\/\/visitestepona.eu\/wp-content\/uploads\/2026\/02\/orquidarioexterior-781x1024-1-480x629.jpeg 480w\" sizes=\"(min-width: 0px) and (max-width: 480px) 480px, (min-width: 481px) 1080px, 100vw\" title=\"\"><span class=\"et_overlay\"><\/span><\/a>\n\t\t\t\t\t\t\t\t\t\t\t\t\t\t<h2 class=\"entry-title\">\n\t\t\t\t\t\t\t\t\t\t\t\t\t<a href=\"https:\/\/visitestepona.eu\/es\/el-orquideo-de-estepona-un-paraiso-tropical-bajo-cristal\/\">El Orqu\u00eddeo de Estepona: Un para\u00edso tropical bajo cristal<\/a>\n\t\t\t\t\t\t\t\t\t\t\t<\/h2>\n\t\t\t\t\n\t\t\t\t\t<p class=\"post-meta\"><a href=\"https:\/\/visitestepona.eu\/es\/category\/sin-categorizar\/\" rel=\"tag\">Sin categorizar<\/a>, <a href=\"https:\/\/visitestepona.eu\/es\/category\/naturaleza\/\" rel=\"tag\">Naturaleza<\/a>, <a href=\"https:\/\/visitestepona.eu\/es\/category\/puntos-de-acceso-a-estepona\/\" rel=\"tag\">Puntos de acceso a Estepona<\/a><\/p><div class=\"post-content\"><div class=\"post-content-inner\"><p>Entra en un mundo de belleza ex\u00f3tica en el Orqu\u00eddio Estepona. Hogar de la mayor colecci\u00f3n de orqu\u00eddeas de Europa y de una impresionante cascada interior de 15 metros, esta maravilla arquitect\u00f3nica es un verdadero oasis tropical en el coraz\u00f3n de la ciudad.<\/p>\n<\/div><a href=\"https:\/\/visitestepona.eu\/es\/el-orquideo-de-estepona-un-paraiso-tropical-bajo-cristal\/\" class=\"more-link\">leer m\u00e1s<\/a><\/div>\t\t\t\n\t\t\t<\/article>\n\t\t\t\t\n\t\t\t<article id=\"post-228881\" class=\"et_pb_post clearfix et_pb_has_overlay et_pb_blog_item_0_17 post-228881 post type-post status-publish format-standard has-post-thumbnail hentry category-donde-comer-y-beber tag-beachclub\">\n\n\t\t\t\t<a href=\"https:\/\/visitestepona.eu\/es\/playa-de-beso\/\" class=\"entry-featured-image-url\"><img loading=\"lazy\" decoding=\"async\" src=\"https:\/\/visitestepona.eu\/wp-content\/uploads\/2026\/06\/beso-beach-estepona-marbella_09.png\" alt=\"Playa de Beso\" class=\"\" width=\"1080\" height=\"675\" srcset=\"https:\/\/visitestepona.eu\/wp-content\/uploads\/2026\/06\/beso-beach-estepona-marbella_09.png 1080w, https:\/\/visitestepona.eu\/wp-content\/uploads\/2026\/06\/beso-beach-estepona-marbella_09-480x365.png 480w\" sizes=\"(min-width: 0px) and (max-width: 480px) 480px, (min-width: 481px) 1080px, 100vw\" title=\"\"><span class=\"et_overlay\"><\/span><\/a>\n\t\t\t\t\t\t\t\t\t\t\t\t\t\t<h2 class=\"entry-title\">\n\t\t\t\t\t\t\t\t\t\t\t\t\t<a href=\"https:\/\/visitestepona.eu\/es\/playa-de-beso\/\">Playa de Beso<\/a>\n\t\t\t\t\t\t\t\t\t\t\t<\/h2>\n\t\t\t\t\n\t\t\t\t\t<p class=\"post-meta\"><a href=\"https:\/\/visitestepona.eu\/es\/category\/donde-comer-y-beber\/\" rel=\"tag\">D\u00f3nde comer y beber<\/a><\/p><div class=\"post-content\"><div class=\"post-content-inner\"><p>Beso Beach Estepona: Bohemia de alta energ\u00eda y vibra estelarizada Si alguna vez has pasado un verano en Ibiza, Formentera o Mallorca, el nombre Playa de Beso probablemente te...<\/p>\n<\/div><a href=\"https:\/\/visitestepona.eu\/es\/playa-de-beso\/\" class=\"more-link\">leer m\u00e1s<\/a><\/div>\t\t\t\n\t\t\t<\/article>\n\t\t\t\t\n\t\t\t<article id=\"post-229096\" class=\"et_pb_post clearfix et_pb_has_overlay et_pb_blog_item_0_18 post-229096 post type-post status-publish format-standard has-post-thumbnail hentry category-puntos-de-acceso-a-estepona category-donde-comer-y-beber tag-desayuno tag-almuerzo tag-cena tag-restaurantes-y-bares\">\n\n\t\t\t\t<a href=\"https:\/\/visitestepona.eu\/es\/halomon-tapas-y-pinchos-para-compartir-descubrir-y-disfrutar\/\" class=\"entry-featured-image-url\"><img loading=\"lazy\" decoding=\"async\" src=\"https:\/\/visitestepona.eu\/wp-content\/uploads\/2026\/02\/halomon.avif\" alt=\"Halomon: Tapas y pinchos para compartir, descubrir y disfrutar\" class=\"\" width=\"1080\" height=\"675\" title=\"\"><span class=\"et_overlay\"><\/span><\/a>\n\t\t\t\t\t\t\t\t\t\t\t\t\t\t<h2 class=\"entry-title\">\n\t\t\t\t\t\t\t\t\t\t\t\t\t<a href=\"https:\/\/visitestepona.eu\/es\/halomon-tapas-y-pinchos-para-compartir-descubrir-y-disfrutar\/\">Halomon: Tapas y pinchos para compartir, descubrir y disfrutar<\/a>\n\t\t\t\t\t\t\t\t\t\t\t<\/h2>\n\t\t\t\t\n\t\t\t\t\t<p class=\"post-meta\"><a href=\"https:\/\/visitestepona.eu\/es\/category\/puntos-de-acceso-a-estepona\/\" rel=\"tag\">Puntos de acceso a Estepona<\/a>, <a href=\"https:\/\/visitestepona.eu\/es\/category\/donde-comer-y-beber\/\" rel=\"tag\">D\u00f3nde comer y beber<\/a><\/p><div class=\"post-content\"><div class=\"post-content-inner\"><p>La cocina local cobra vida en cada oferta de Halomon Tapas Bar. Nuestro men\u00fa refleja lo mejor de nuestra tierra y mar: productos frescos, recetas honestas y una presentaci\u00f3n...<\/p>\n<\/div><a href=\"https:\/\/visitestepona.eu\/es\/halomon-tapas-y-pinchos-para-compartir-descubrir-y-disfrutar\/\" class=\"more-link\">leer m\u00e1s<\/a><\/div>\t\t\t\n\t\t\t<\/article>\n\t\t\t\t\n\t\t\t<article id=\"post-228728\" class=\"et_pb_post clearfix et_pb_has_overlay et_pb_blog_item_0_19 post-228728 post type-post status-publish format-standard has-post-thumbnail hentry category-puntos-de-acceso-a-estepona category-donde-comer-y-beber tag-navidad-2026 tag-desayuno tag-almuerzo tag-cena tag-restaurantes-y-bares tag-chiringuitos-es\">\n\n\t\t\t\t<a href=\"https:\/\/visitestepona.eu\/es\/les-tournesols\/\" class=\"entry-featured-image-url\"><img loading=\"lazy\" decoding=\"async\" src=\"https:\/\/visitestepona.eu\/wp-content\/uploads\/2026\/02\/2025-08-03.webp\" alt=\"Les Tournesols\" class=\"\" width=\"1080\" height=\"675\" title=\"\"><span class=\"et_overlay\"><\/span><\/a>\n\t\t\t\t\t\t\t\t\t\t\t\t\t\t<h2 class=\"entry-title\">\n\t\t\t\t\t\t\t\t\t\t\t\t\t<a href=\"https:\/\/visitestepona.eu\/es\/les-tournesols\/\">Les Tournesols<\/a>\n\t\t\t\t\t\t\t\t\t\t\t<\/h2>\n\t\t\t\t\n\t\t\t\t\t<p class=\"post-meta\"><a href=\"https:\/\/visitestepona.eu\/es\/category\/puntos-de-acceso-a-estepona\/\" rel=\"tag\">Puntos de acceso a Estepona<\/a>, <a href=\"https:\/\/visitestepona.eu\/es\/category\/donde-comer-y-beber\/\" rel=\"tag\">D\u00f3nde comer y beber<\/a><\/p><div class=\"post-content\"><div class=\"post-content-inner\"><p>La ic\u00f3nica ubicaci\u00f3n de Bikini Beach se ha convertido oficialmente en Les Tournesols. Situado justo al borde de Playa de la Rada, sigue siendo el lugar perfecto para comer con...<\/p>\n<\/div><a href=\"https:\/\/visitestepona.eu\/es\/les-tournesols\/\" class=\"more-link\">leer m\u00e1s<\/a><\/div>\t\t\t\n\t\t\t<\/article>\n\t\t\t\t\n\t\t\t<article id=\"post-228764\" class=\"et_pb_post clearfix et_pb_has_overlay et_pb_blog_item_0_20 post-228764 post type-post status-publish format-standard has-post-thumbnail hentry category-puntos-de-acceso-a-estepona category-donde-comer-y-beber tag-almuerzo tag-cena tag-restaurantes-y-bares\">\n\n\t\t\t\t<a href=\"https:\/\/visitestepona.eu\/es\/makako-hotel-el-pilar-andalucia\/\" class=\"entry-featured-image-url\"><img loading=\"lazy\" decoding=\"async\" src=\"https:\/\/visitestepona.eu\/wp-content\/uploads\/2026\/02\/makako-estepona-1024x675.jpg\" alt=\"Makako Hotel El Pilar Andaluc\u00eda\" class=\"\" width=\"1080\" height=\"675\" srcset=\"https:\/\/visitestepona.eu\/wp-content\/uploads\/2026\/02\/makako-estepona-1024x675.jpg 1080w, https:\/\/visitestepona.eu\/wp-content\/uploads\/2026\/02\/makako-estepona-980x654.jpg 980w, https:\/\/visitestepona.eu\/wp-content\/uploads\/2026\/02\/makako-estepona-480x320.jpg 480w\" sizes=\"(min-width: 0px) and (max-width: 480px) 480px, (min-width: 481px) and (max-width: 980px) 980px, (min-width: 981px) 1080px, 100vw\" title=\"\"><span class=\"et_overlay\"><\/span><\/a>\n\t\t\t\t\t\t\t\t\t\t\t\t\t\t<h2 class=\"entry-title\">\n\t\t\t\t\t\t\t\t\t\t\t\t\t<a href=\"https:\/\/visitestepona.eu\/es\/makako-hotel-el-pilar-andalucia\/\">Makako Hotel El Pilar Andaluc\u00eda<\/a>\n\t\t\t\t\t\t\t\t\t\t\t<\/h2>\n\t\t\t\t\n\t\t\t\t\t<p class=\"post-meta\"><a href=\"https:\/\/visitestepona.eu\/es\/category\/puntos-de-acceso-a-estepona\/\" rel=\"tag\">Puntos de acceso a Estepona<\/a>, <a href=\"https:\/\/visitestepona.eu\/es\/category\/donde-comer-y-beber\/\" rel=\"tag\">D\u00f3nde comer y beber<\/a><\/p><div class=\"post-content\"><div class=\"post-content-inner\"><p>El templo gastron\u00f3mico de lo ex\u00f3tico Experimenta la cocina asi\u00e1tica fusi\u00f3n y disfruta de un viaje \u00fanico para tus cinco sentidos. El lugar ideal para experimentar las sensaciones...<\/p>\n<\/div><a href=\"https:\/\/visitestepona.eu\/es\/makako-hotel-el-pilar-andalucia\/\" class=\"more-link\">leer m\u00e1s<\/a><\/div>\t\t\t\n\t\t\t<\/article>\n\t\t\t\t\n\t\t\t<article id=\"post-228756\" class=\"et_pb_post clearfix et_pb_has_overlay et_pb_blog_item_0_21 post-228756 post type-post status-publish format-standard has-post-thumbnail hentry category-donde-comer-y-beber tag-almuerzo tag-cena tag-restaurantes-y-bares tag-chiringuitos-es\">\n\n\t\t\t\t<a href=\"https:\/\/visitestepona.eu\/es\/bar-de-la-playa-paraiso-del-mar\/\" class=\"entry-featured-image-url\"><img loading=\"lazy\" decoding=\"async\" src=\"https:\/\/visitestepona.eu\/wp-content\/uploads\/2026\/02\/2025-08-06.webp\" alt=\"Bar de la playa Para\u00edso del Mar\" class=\"\" width=\"1080\" height=\"675\" title=\"\"><span class=\"et_overlay\"><\/span><\/a>\n\t\t\t\t\t\t\t\t\t\t\t\t\t\t<h2 class=\"entry-title\">\n\t\t\t\t\t\t\t\t\t\t\t\t\t<a href=\"https:\/\/visitestepona.eu\/es\/bar-de-la-playa-paraiso-del-mar\/\">Bar de la playa Para\u00edso del Mar<\/a>\n\t\t\t\t\t\t\t\t\t\t\t<\/h2>\n\t\t\t\t\n\t\t\t\t\t<p class=\"post-meta\"><a href=\"https:\/\/visitestepona.eu\/es\/category\/donde-comer-y-beber\/\" rel=\"tag\">D\u00f3nde comer y beber<\/a><\/p><div class=\"post-content\"><div class=\"post-content-inner\"><p>Avenida Espa\u00f1a, frente al portal 252, 29680 Estepona, M\u00e1laga Telefoon: 654 82 38 38 Men\u00fa: grupobesaya.com<\/p>\n<\/div><a href=\"https:\/\/visitestepona.eu\/es\/bar-de-la-playa-paraiso-del-mar\/\" class=\"more-link\">leer m\u00e1s<\/a><\/div>\t\t\t\n\t\t\t<\/article>\n\t\t\t\t\n\t\t\t<article id=\"post-228309\" class=\"et_pb_post clearfix et_pb_has_overlay et_pb_blog_item_0_22 post-228309 post type-post status-publish format-standard has-post-thumbnail hentry category-sin-categorizar category-transporte-de-viajes\">\n\n\t\t\t\t<a href=\"https:\/\/visitestepona.eu\/es\/vacaciones-con-ninos-en-estepona-consejos\/\" class=\"entry-featured-image-url\"><img loading=\"lazy\" decoding=\"async\" src=\"https:\/\/visitestepona.eu\/wp-content\/uploads\/2025\/10\/globales-playa-estepona-cab-servicios-1920x800_J6HD8ND-1080x675.jpg\" alt=\"Vacaciones con ni\u00f1os en Estepona: consejos\" class=\"\" width=\"1080\" height=\"675\" srcset=\"https:\/\/visitestepona.eu\/wp-content\/uploads\/2025\/10\/globales-playa-estepona-cab-servicios-1920x800_J6HD8ND-980x408.jpg 980w, https:\/\/visitestepona.eu\/wp-content\/uploads\/2025\/10\/globales-playa-estepona-cab-servicios-1920x800_J6HD8ND-480x200.jpg 480w\" sizes=\"(min-width: 0px) and (max-width: 480px) 480px, (min-width: 481px) and (max-width: 980px) 980px, (min-width: 981px) 1080px, 100vw\" title=\"\"><span class=\"et_overlay\"><\/span><\/a>\n\t\t\t\t\t\t\t\t\t\t\t\t\t\t<h2 class=\"entry-title\">\n\t\t\t\t\t\t\t\t\t\t\t\t\t<a href=\"https:\/\/visitestepona.eu\/es\/vacaciones-con-ninos-en-estepona-consejos\/\">Vacaciones con ni\u00f1os en Estepona: consejos<\/a>\n\t\t\t\t\t\t\t\t\t\t\t<\/h2>\n\t\t\t\t\n\t\t\t\t\t<p class=\"post-meta\"><a href=\"https:\/\/visitestepona.eu\/es\/category\/sin-categorizar\/\" rel=\"tag\">Sin categorizar<\/a>, <a href=\"https:\/\/visitestepona.eu\/es\/category\/transporte-de-viajes\/\" rel=\"tag\">transporte de viajes<\/a><\/p><div class=\"post-content\"><div class=\"post-content-inner\"><p>Aproximadamente a mitad de camino del paseo mar\u00edtimo de Estepona hay un gran parque infantil para ni\u00f1os durante todo el a\u00f1o. Adem\u00e1s, tambi\u00e9n se han construido parques infantiles en varios lugares de la playa, intercalados con lugares con equipos de fitness (en la playa). Tambi\u00e9n se han construido parques infantiles en la mayor\u00eda de los parques de Estepona.  <\/p>\n<\/div><a href=\"https:\/\/visitestepona.eu\/es\/vacaciones-con-ninos-en-estepona-consejos\/\" class=\"more-link\">leer m\u00e1s<\/a><\/div>\t\t\t\n\t\t\t<\/article>\n\t\t\t\t\n\t\t\t<article id=\"post-228292\" class=\"et_pb_post clearfix et_pb_has_overlay et_pb_blog_item_0_23 post-228292 post type-post status-publish format-standard has-post-thumbnail hentry category-sin-categorizar\">\n\n\t\t\t\t<a href=\"https:\/\/visitestepona.eu\/es\/enoturismo-bodegas-manilva\/\" class=\"entry-featured-image-url\"><img loading=\"lazy\" decoding=\"async\" src=\"https:\/\/visitestepona.eu\/wp-content\/uploads\/2025\/08\/a906c609-276b-4bcc-a5cb-e64c70977234-1080x675.jpeg\" alt=\"Enoturismo: Bodegas Manilva\" class=\"\" width=\"1080\" height=\"675\" srcset=\"https:\/\/visitestepona.eu\/wp-content\/uploads\/2025\/08\/a906c609-276b-4bcc-a5cb-e64c70977234-980x735.jpeg 980w, https:\/\/visitestepona.eu\/wp-content\/uploads\/2025\/08\/a906c609-276b-4bcc-a5cb-e64c70977234-480x360.jpeg 480w\" sizes=\"(min-width: 0px) and (max-width: 480px) 480px, (min-width: 481px) and (max-width: 980px) 980px, (min-width: 981px) 1080px, 100vw\" title=\"\"><span class=\"et_overlay\"><\/span><\/a>\n\t\t\t\t\t\t\t\t\t\t\t\t\t\t<h2 class=\"entry-title\">\n\t\t\t\t\t\t\t\t\t\t\t\t\t<a href=\"https:\/\/visitestepona.eu\/es\/enoturismo-bodegas-manilva\/\">Enoturismo: Bodegas Manilva<\/a>\n\t\t\t\t\t\t\t\t\t\t\t<\/h2>\n\t\t\t\t\n\t\t\t\t\t<p class=\"post-meta\"><a href=\"https:\/\/visitestepona.eu\/es\/category\/sin-categorizar\/\" rel=\"tag\">Sin categorizar<\/a><\/p><div class=\"post-content\"><div class=\"post-content-inner\"><p>Bodega en Manilva. El vi\u00f1edo cuenta con m\u00e1s de 6 hect\u00e1reas de vi\u00f1edo viejo (entre 50 y 70 a\u00f1os), con suelo de albariza blanca, situado en el sur de Europa y con maravillosas vistas al mar Mediterr\u00e1neo. Disfruta de una hermosa experiencia: comienza visitando el vi\u00f1edo. Visite la bodega, donde experimentar\u00e1 el proceso de pisada de la uva, ver\u00e1 los tambores de vino de acero inoxidable y los barriles de madera donde se fermentan las uvas. Para saborear esta experiencia, se servir\u00e1 una cata de los diferentes vinos acompa\u00f1ada de un aperitivo.    <\/p>\n<\/div><a href=\"https:\/\/visitestepona.eu\/es\/enoturismo-bodegas-manilva\/\" class=\"more-link\">leer m\u00e1s<\/a><\/div>\t\t\t\n\t\t\t<\/article>\n\t\t\t\t\n\t\t\t<article id=\"post-228113\" class=\"et_pb_post clearfix et_pb_has_overlay et_pb_blog_item_0_24 post-228113 post type-post status-publish format-standard has-post-thumbnail hentry category-puntos-de-acceso-a-estepona tag-desayuno tag-almuerzo tag-restaurantes-y-bares\">\n\n\t\t\t\t<a href=\"https:\/\/visitestepona.eu\/es\/ikigai-alimento-para-la-vida\/\" class=\"entry-featured-image-url\"><img loading=\"lazy\" decoding=\"async\" src=\"https:\/\/visitestepona.eu\/wp-content\/uploads\/2025\/06\/467761318_18095951830490221_2043957516844807787_n-1080x675.jpg\" alt=\"Ikigai Alimento para la Vida\" class=\"\" width=\"1080\" height=\"675\" srcset=\"https:\/\/visitestepona.eu\/wp-content\/uploads\/2025\/06\/467761318_18095951830490221_2043957516844807787_n-980x1225.jpg 980w, https:\/\/visitestepona.eu\/wp-content\/uploads\/2025\/06\/467761318_18095951830490221_2043957516844807787_n-480x600.jpg 480w\" sizes=\"(min-width: 0px) and (max-width: 480px) 480px, (min-width: 481px) and (max-width: 980px) 980px, (min-width: 981px) 1080px, 100vw\" title=\"\"><span class=\"et_overlay\"><\/span><\/a>\n\t\t\t\t\t\t\t\t\t\t\t\t\t\t<h2 class=\"entry-title\">\n\t\t\t\t\t\t\t\t\t\t\t\t\t<a href=\"https:\/\/visitestepona.eu\/es\/ikigai-alimento-para-la-vida\/\">Ikigai Alimento para la Vida<\/a>\n\t\t\t\t\t\t\t\t\t\t\t<\/h2>\n\t\t\t\t\n\t\t\t\t\t<p class=\"post-meta\"><a href=\"https:\/\/visitestepona.eu\/es\/category\/puntos-de-acceso-a-estepona\/\" rel=\"tag\">Puntos de acceso a Estepona<\/a><\/p><div class=\"post-content\"><div class=\"post-content-inner\"><p>\u00a1No te pierdas a la familia IKIGAI! Restaurante Flexiterian Opciones veganas y sin gluten. De base org\u00e1nica.<x id=\"gid_0\"><\/x>2 puntos de acceso: <x id=\"gid_1\"><\/x>Boulevard con vistas al mar o en el casco antiguo. \u00a1Las mismas buenas vibraciones, platos frescos y saludables, ahora con vista al castillo!   <\/p>\n<\/div><a href=\"https:\/\/visitestepona.eu\/es\/ikigai-alimento-para-la-vida\/\" class=\"more-link\">leer m\u00e1s<\/a><\/div>\t\t\t\n\t\t\t<\/article>\n\t\t\t\t<div><div class=\"pagination clearfix\">\n\t<div class=\"alignleft\"><a href=\"https:\/\/visitestepona.eu\/es\/wp-json\/wp\/v2\/pages\/1608\/page\/2\/?et_blog\" >&laquo; Entradas Anteriores<\/a><\/div>\n\t<div class=\"alignright\"><\/div>\n<\/div><\/div><\/div>\n\t\t\t\t<\/div>\n\t\t\t\t <div class=\"et_pb_module et_d4_element et_pb_code et_pb_code_0\">\n\t\t\t\t\n\t\t\t\t\n\t\t\t\t\n\t\t\t\t\n\t\t\t\t<div class=\"et_pb_code_inner\"><style>\n\n.divilife-11-col-blog-img-alternating .et_pb_post {\n  position: relative;\n  overflow: hidden;\n}\n  \n.divilife-11-col-blog-img-alternating .et_pb_post .entry-featured-image-url { margin: 0; }\n\n.divilife-11-col-blog-img-alternating .et_pb_post .entry-featured-image-url .et_overlay {\n  z-index: -1 !important;\n  opacity: 1;\n  width: 400%;\n  left: -200%;\n  border: none;\n}\n  \n\/***This reorders Blog Posts Post Meta items***\/\n.divilife-11-col-blog-img-alternating .et_pb_post .post-meta { \n  display: flex; \n  flex-wrap: wrap;\n  align-items: center;\n}\n.divilife-11-col-blog-img-alternating .et_pb_post .post-meta .published { order: 1; }\n.divilife-11-col-blog-img-alternating .et_pb_post .post-meta .author { order: 2; margin-right: 7px; }\n.divilife-11-col-blog-img-alternating .et_pb_post .post-meta a[rel=\"tag\"], \n.divilife-11-col-blog-img-alternating .et_pb_post .post-cat-wrapper { order: 3; }\n\n.divilife-11-col-blog-img-alternating .et_pb_post .post-meta .published:after {\n  content: '|';\n  display: inline-block;\n  margin: 0 5px;\n}\n.divilife-11-col-blog-img-alternating .et_pb_post .post-meta a[rel=\"tag\"] {\n  display: inline-block;\n  margin: 5px 0 5px 7px;\n  border: 1px solid;\n  padding: 2px 10px;\n  border-radius: 30px;\n}\n\n@media(min-width: 981px) {\n\t.divilife-11-col-blog-img-alternating .et_pb_post .post-meta .post-cat-wrapper { margin: 0 0 0 auto; }\n}\n@media(max-width: 980px) {\n\t.divilife-11-col-blog-img-alternating .et_pb_post .post-meta .post-cat-wrapper { width: 100%; margin: 10px 0 0 -7px; }\n}\n  \n\n@media(min-width: 768px) {\n  .divilife-11-col-blog-img-alternating .et_pb_post &gt; * { width: 50%; }\n  .divilife-11-col-blog-img-alternating .et_pb_post:nth-of-type(odd) &gt; * { margin: 0 0 0 auto; }\n  .divilife-11-col-blog-img-alternating .et_pb_post:nth-of-type(even) &gt; * { margin: 0 auto 0 0; }\n  \n  .divilife-11-col-blog-img-alternating .et_pb_post .entry-featured-image-url {\n    position: absolute;\n    top: 0;\n    width: 50%;\n    height: 100%;\n  }\n  .divilife-11-col-blog-img-alternating .et_pb_post:nth-of-type(odd) .entry-featured-image-url { left: 0; }\n  .divilife-11-col-blog-img-alternating .et_pb_post:nth-of-type(even) .entry-featured-image-url { right: 0; }\n  \n  .divilife-11-col-blog-img-alternating .et_pb_post .entry-featured-image-url img {\n    width: 100%;\n    height: 100%;\n    object-fit: cover;\n  }\n}\n\n@media(max-width: 767px) {\n  .divilife-11-col-blog-img-alternating .et_pb_post .entry-featured-image-url .et_overlay {\n    top: 100%;\n    height: 300%;\n  }\n}\n\n<\/style>\n\n<script>\n\njQuery(document).on('ready ajaxComplete', function() {\n  \n  \/\/This removes the Post Meta Default Separators due to reordering\n  jQuery('.divilife-11-col-blog-img-alternating .et_pb_post .post-meta').contents().filter(function() { \n    return this.nodeType == 3; \n  }).replaceWith('');\n  \n  \/\/This wraps all categories for easier positioning - see css\n  jQuery('.divilife-11-col-blog-img-alternating .et_pb_post').each(function() { \n    jQuery(this).find('.post-meta a[rel=\"tag\"]').wrapAll('<div class=\"post-cat-wrapper\"\/>');\n  });\n  \n  \/\/This reads the color of post Read More button\/link and applies it on Category links only, instead of all meta text\n  var postTitleColor = jQuery('.divilife-11-col-blog-img-alternating .post-content a.more-link').css('color');\n\tjQuery('.divilife-11-col-blog-img-alternating .post-meta a[rel=\"tag\"]').css('color', postTitleColor);\n  \n});\n\n<\/script><\/div>\n\t\t\t<\/div>\n\t\t\t<\/div><div class=\"et_d4_element et_pb_column_1_4 et_pb_column et_pb_column_1  et_pb_css_mix_blend_mode et-last-child et_block_column\">\n\t\t\t\t\n\t\t\t\t\n\t\t\t\t\n\t\t\t\t\n\t\t\t\t<div class=\"et_pb_module et_d4_element et_pb_sidebar_0 et_pb_widget_area clearfix et_pb_widget_area_right et_pb_bg_layout_light et_pb_sidebar_no_border\">\n\t\t\t\t\n\t\t\t\t\n\t\t\t\t\n\t\t\t\t\n\t\t\t\t<div id=\"icl_lang_sel_widget-2\" class=\"et_pb_widget widget_icl_lang_sel_widget\">\n<div role=\"navigation\" aria-label=\"Selector de idioma\" class=\"wpml-ls-sidebars-sidebar-1 wpml-ls wpml-ls-legacy-list-horizontal\">\n\t<ul><li class=\"wpml-ls-slot-sidebar-1 wpml-ls-item wpml-ls-item-nl wpml-ls-first-item wpml-ls-item-legacy-list-horizontal\">\n\t\t\t\t<a href=\"https:\/\/visitestepona.eu\/nl\/\" hreflang=\"nl\" lang=\"nl\" class=\"wpml-ls-link\" aria-label=\"Cambiar a Holand\u00e9s\" title=\"Cambiar a Holand\u00e9s\">\n\t\t\t\t\t                                    <img decoding=\"async\"\n            class=\"wpml-ls-flag\"\n            src=\"https:\/\/visitestepona.eu\/wp-content\/plugins\/sitepress-multilingual-cms\/res\/flags\/nl.png\"\n            alt=\"Holand\u00e9s\"\n            loading=\"lazy\"\n            width=18\n            height=12\n    \/><\/a>\n\t\t\t<\/li><li class=\"wpml-ls-slot-sidebar-1 wpml-ls-item wpml-ls-item-en wpml-ls-item-legacy-list-horizontal\">\n\t\t\t\t<a href=\"https:\/\/visitestepona.eu\/\" hreflang=\"en\" lang=\"en\" class=\"wpml-ls-link\" aria-label=\"Cambiar a Ingl\u00e9s\" title=\"Cambiar a Ingl\u00e9s\">\n\t\t\t\t\t                                    <img decoding=\"async\"\n            class=\"wpml-ls-flag\"\n            src=\"https:\/\/visitestepona.eu\/wp-content\/plugins\/sitepress-multilingual-cms\/res\/flags\/en.png\"\n            alt=\"Ingl\u00e9s\"\n            loading=\"lazy\"\n            width=18\n            height=12\n    \/><\/a>\n\t\t\t<\/li><li class=\"wpml-ls-slot-sidebar-1 wpml-ls-item wpml-ls-item-es wpml-ls-current-language wpml-ls-item-legacy-list-horizontal\">\n\t\t\t\t<a href=\"https:\/\/visitestepona.eu\/es\/\" hreflang=\"es\" lang=\"es\" class=\"wpml-ls-link\" aria-current=\"page\" aria-label=\"Cambiar a Espa\u00f1ol\" title=\"Cambiar a Espa\u00f1ol\">\n\t\t\t\t\t                                    <img decoding=\"async\"\n            class=\"wpml-ls-flag\"\n            src=\"https:\/\/visitestepona.eu\/wp-content\/plugins\/sitepress-multilingual-cms\/res\/flags\/es.png\"\n            alt=\"Espa\u00f1ol\"\n            loading=\"lazy\"\n            width=18\n            height=12\n    \/><\/a>\n\t\t\t<\/li><li class=\"wpml-ls-slot-sidebar-1 wpml-ls-item wpml-ls-item-de wpml-ls-last-item wpml-ls-item-legacy-list-horizontal\">\n\t\t\t\t<a href=\"https:\/\/visitestepona.eu\/de\/\" hreflang=\"de\" lang=\"de\" class=\"wpml-ls-link\" aria-label=\"Cambiar a Alem\u00e1n\" title=\"Cambiar a Alem\u00e1n\">\n\t\t\t\t\t                                    <img decoding=\"async\"\n            class=\"wpml-ls-flag\"\n            src=\"https:\/\/visitestepona.eu\/wp-content\/plugins\/sitepress-multilingual-cms\/res\/flags\/de.png\"\n            alt=\"Alem\u00e1n\"\n            loading=\"lazy\"\n            width=18\n            height=12\n    \/><\/a>\n\t\t\t<\/li><\/ul>\n<\/div>\n<\/div><div id=\"search-2\" class=\"et_pb_widget widget_search\"><h4 class=\"widgettitle\">Search<\/h4><form role=\"search\" method=\"get\" id=\"searchform\" class=\"searchform\" action=\"https:\/\/visitestepona.eu\/es\/\">\n\t\t\t\t<div>\n\t\t\t\t\t<label class=\"screen-reader-text\" for=\"s\">Buscar:<\/label>\n\t\t\t\t\t<input type=\"text\" value=\"\" name=\"s\" id=\"s\" \/>\n\t\t\t\t\t<input type=\"submit\" id=\"searchsubmit\" value=\"Buscar\" \/>\n\t\t\t\t<\/div>\n\t\t\t<\/form><\/div><div id=\"block-2\" class=\"et_pb_widget widget_block widget_tag_cloud\"><p class=\"wp-block-tag-cloud\"><a href=\"https:\/\/visitestepona.eu\/es\/tag\/almuerzo\/\" class=\"tag-cloud-link tag-link-125 tag-link-position-1\" style=\"font-size: 21.821656050955pt;\" aria-label=\"Almuerzo (70 elementos)\">Almuerzo<\/a>\n<a href=\"https:\/\/visitestepona.eu\/es\/tag\/beachclub\/\" class=\"tag-cloud-link tag-link-146 tag-link-position-2\" style=\"font-size: 13.350318471338pt;\" aria-label=\"Beachclub (7 elementos)\">Beachclub<\/a>\n<a href=\"https:\/\/visitestepona.eu\/es\/tag\/cena\/\" class=\"tag-cloud-link tag-link-126 tag-link-position-3\" style=\"font-size: 19.414012738854pt;\" aria-label=\"Cena (37 elementos)\">Cena<\/a>\n<a href=\"https:\/\/visitestepona.eu\/es\/tag\/chiringuitos-es\/\" class=\"tag-cloud-link tag-link-93 tag-link-position-4\" style=\"font-size: 18.254777070064pt;\" aria-label=\"Chiringuitos (27 elementos)\">Chiringuitos<\/a>\n<a href=\"https:\/\/visitestepona.eu\/es\/tag\/desayuno\/\" class=\"tag-cloud-link tag-link-129 tag-link-position-5\" style=\"font-size: 14.59872611465pt;\" aria-label=\"Desayuno (10 elementos)\">Desayuno<\/a>\n<a href=\"https:\/\/visitestepona.eu\/es\/tag\/navidad-2026\/\" class=\"tag-cloud-link tag-link-139 tag-link-position-6\" style=\"font-size: 9.6050955414013pt;\" aria-label=\"Navidad 2026 (2 elementos)\">Navidad 2026<\/a>\n<a href=\"https:\/\/visitestepona.eu\/es\/tag\/navidades-2023\/\" class=\"tag-cloud-link tag-link-102 tag-link-position-7\" style=\"font-size: 8pt;\" aria-label=\"Navidades 2023 (1 elemento)\">Navidades 2023<\/a>\n<a href=\"https:\/\/visitestepona.eu\/es\/tag\/restaurantes-y-bares\/\" class=\"tag-cloud-link tag-link-96 tag-link-position-8\" style=\"font-size: 22pt;\" aria-label=\"Restaurantes y bares (73 elementos)\">Restaurantes y bares<\/a>\n<a href=\"https:\/\/visitestepona.eu\/es\/tag\/usica-en-vivo-en-estepona-o-sus-alrededores\/\" class=\"tag-cloud-link tag-link-108 tag-link-position-9\" style=\"font-size: 16.917197452229pt;\" aria-label=\"\u00fasica en vivo en Estepona o sus alrededores (19 elementos)\">\u00fasica en vivo en Estepona o sus alrededores<\/a><\/p><\/div><div id=\"block-3\" class=\"et_pb_widget widget_block widget_categories\"><ul class=\"wp-block-categories-list wp-block-categories-taxonomy-category wp-block-categories\">\t<li class=\"cat-item cat-item-151\"><a href=\"https:\/\/visitestepona.eu\/es\/category\/donde-comer-y-beber\/\">D\u00f3nde comer y beber<\/a>\n<\/li>\n\t<li class=\"cat-item cat-item-142\"><a href=\"https:\/\/visitestepona.eu\/es\/category\/naturaleza\/\">Naturaleza<\/a>\n<\/li>\n\t<li class=\"cat-item cat-item-131\"><a href=\"https:\/\/visitestepona.eu\/es\/category\/andalucia\/\">Andaluc\u00eda<\/a>\n<\/li>\n\t<li class=\"cat-item cat-item-90\"><a href=\"https:\/\/visitestepona.eu\/es\/category\/puntos-de-acceso-a-estepona\/\">Puntos de acceso a Estepona<\/a>\n<\/li>\n\t<li class=\"cat-item cat-item-74\"><a href=\"https:\/\/visitestepona.eu\/es\/category\/flora-y-fauna-naturaleza\/\">Flora y Fauna, Naturaleza<\/a>\n<\/li>\n\t<li class=\"cat-item cat-item-70\"><a href=\"https:\/\/visitestepona.eu\/es\/category\/comprar-en-estepona\/\">Comprar en Estepona<\/a>\n<\/li>\n\t<li class=\"cat-item cat-item-71\"><a href=\"https:\/\/visitestepona.eu\/es\/category\/blog-de-invitados\/\">Blog de invitados<\/a>\n<\/li>\n\t<li class=\"cat-item cat-item-62\"><a href=\"https:\/\/visitestepona.eu\/es\/category\/caminar-en-estepona\/\">Caminar en Estepona<\/a>\n<\/li>\n\t<li class=\"cat-item cat-item-60\"><a href=\"https:\/\/visitestepona.eu\/es\/category\/eventos-de-festivales-de-fiesta\/\">eventos de festivales de fiesta<\/a>\n<\/li>\n\t<li class=\"cat-item cat-item-58\"><a href=\"https:\/\/visitestepona.eu\/es\/category\/transporte-de-viajes\/\">transporte de viajes<\/a>\n<\/li>\n\t<li class=\"cat-item cat-item-54\"><a href=\"https:\/\/visitestepona.eu\/es\/category\/golf-en-estepona\/\">Golf en Estepona<\/a>\n<\/li>\n\t<li class=\"cat-item cat-item-41\"><a href=\"https:\/\/visitestepona.eu\/es\/category\/sin-categorizar\/\">Sin categorizar<\/a>\n<\/li>\n<\/ul><\/div>\n\t\t\t<\/div>\n\t\t\t<\/div>\n\t\t\t\t\n\t\t\t\t\n\t\t\t\t\n\t\t\t\t\n\t\t\t<\/div>\n\t\t\t\t\n\t\t\t\t\n\t\t\t<\/div><div class=\"et_d4_element et_pb_section et_pb_section_1  et_pb_css_mix_blend_mode et_section_regular et_block_section\" >\n\t\t\t\t\n\t\t\t\t\n\t\t\t\t\n\t\t\t\t\n\t\t\t\t\n\t\t\t\t\n\t\t\t\t<div id=\"SendaLitoral\" class=\"et_d4_element et_pb_row et_pb_row_1  et_pb_css_mix_blend_mode et_block_row\">\n\t\t\t\t<div class=\"et_d4_element et_pb_column_4_4 et_pb_column et_pb_column_2  et_pb_css_mix_blend_mode et-last-child et_block_column\">\n\t\t\t\t\n\t\t\t\t\n\t\t\t\t\n\t\t\t\t\n\t\t\t\t<div class=\"et_pb_module et_d4_element et_pb_testimonial et_pb_testimonial_0  et_pb_css_mix_blend_mode clearfix  et_pb_text_align_left et_pb_bg_layout_light et_block_module et_pb_testimonial_no_image\">\n\t\t\t\t\n\t\t\t\t\n\t\t\t\t\n\t\t\t\t\n\t\t\t\t<div style=\"background-image:url(https:\/\/visitestepona.eu\/wp-content\/uploads\/2019\/12\/IMG_0421.jpeg)\" class=\"et_pb_testimonial_portrait\"><\/div>\n\t\t\t\t<div class=\"et_pb_testimonial_description\">\n\t\t\t\t\t<div class=\"et_pb_testimonial_description_inner\"><div class=\"et_pb_testimonial_content\"><p>el<span> <\/span><strong>Senda Litoral de M\u00e1laga<\/strong><span> <\/span>(Ruta Costera de M\u00e1laga) es un sendero proyectado de 160 km siguiendo toda la costa de la provincia de M\u00e1laga desde Manilva hasta Nerja. Una vez completado, este camino de larga distancia ser\u00e1 un importante atractivo tur\u00edstico para la Costa del Sol, y para Andaluc\u00eda. <\/p>\n<p>El camino costero se est\u00e1 creando uniendo todos los paseos mar\u00edtimos existentes; la construcci\u00f3n de nuevos caminos pavimentados - durante muchos a\u00f1os cada desarrollo de playa de nueva construcci\u00f3n debe construir su secci\u00f3n de camino; construyendo paseos mar\u00edtimos de madera donde el terreno lo exige. <\/p>\n<p>La referencia de ruta ser\u00e1<span> <\/span><strong>GR92;<\/strong><span> <\/span>tiene su propio logotipo y sitio web (www.sendalitoral.es). El punto de partida del Km 0 ser\u00e1 el emblem\u00e1tico B<strong>alcon de Europa<\/strong><span> <\/span>en Nerja y el final fue<span> <\/span><strong>Castillo de la Duquesa<\/strong><span> <\/span>en Manilva, pero se ha extendido a<span> <\/span><strong>Punta Chullera,<\/strong>la frontera provincial con C\u00e1diz. Uno espera, para ser \u00fatil, que se extienda a Sotogrande Marina.<\/p>\n<p>En el mapa<span> <\/span>debajo del<span> <\/span>camino est\u00e1 marcado en <strong>verde<\/strong> <span> <\/span>donde completo, <strong>naranja<\/strong> <span> <\/span>donde<span> <\/span>se puede caminar f\u00e1cilmente a trav\u00e9s<span> <\/span>de un puerto, puerto deportivo u otra zona, <strong>azul<\/strong> <span> <\/span>donde se necesita para caminar en la playa, y <strong>rojo<\/strong> <span> <\/span>donde se puede hacer un desv\u00edo seguro para enlazar a la siguiente secci\u00f3n.<\/p><\/div><\/div>\n\t\t\t\t\t\n\t\t\t\t\t<p class=\"et_pb_testimonial_meta\"><\/p>\n\t\t\t\t<\/div>\n\t\t\t<\/div><div class=\"et_pb_module et_d4_element et_pb_code et_pb_code_1  et_pb_text_align_center\">\n\t\t\t\t\n\t\t\t\t\n\t\t\t\t\n\t\t\t\t\n\t\t\t\t<div class=\"et_pb_code_inner\"><iframe loading=\"lazy\" src=\"https:\/\/www.google.com\/maps\/d\/embed?mid=15jTRQx7DlApwHcAJ38YeOjZIZyw\" width=\"1080\" height=\"880\"><\/iframe><\/div>\n\t\t\t<\/div><div class=\"et_pb_module et_d4_element et_pb_text et_pb_text_0  et_pb_text_align_left et_pb_bg_layout_light\">\n\t\t\t\t\n\t\t\t\t\n\t\t\t\t\n\t\t\t\t\n\t\t\t\t<div class=\"et_pb_text_inner\"><h2>CARPETA CLAVE<\/h2>\n<p><strong>VERDE<\/strong> <span> <\/span>- el camino costero est\u00e1 completo<\/p>\n<p><strong>NARANJA<\/strong> <span> <\/span>- se puede caminar f\u00e1cilmente a trav\u00e9s de un puerto, puerto deportivo u otra zona,<\/p>\n<p><strong>AZUL<\/strong> <span> <\/span>- es necesario caminar por la playa<\/p>\n<p><strong>ROJO<\/strong> <span> <\/span>- puede hacer una desviaci\u00f3n segura para enlazar a la siguiente secci\u00f3n.<\/p>\n<h2>Ciclistas<\/h2>\n<p>Las reglas para los ciclistas var\u00edan de una secci\u00f3n a una secci\u00f3n, de acuerdo con las reglas espec\u00edficas de cada ciudad. En Estepona, los ciclistas no pueden entrar en el paseo mar\u00edtimo. En Mijas Costa, los ciclistas no pueden entrar en el paseo mar\u00edtimo los fines de semana. En Marbella, los ciclistas que utilizan el paseo mar\u00edtimo deben mantener un l\u00edmite de velocidad de 10 km\/h y dar paso a los peatones.<\/p><\/div>\n\t\t\t<\/div>\n\t\t\t<\/div>\n\t\t\t\t\n\t\t\t\t\n\t\t\t\t\n\t\t\t\t\n\t\t\t<\/div><div class=\"et_d4_element et_pb_row et_pb_row_2  et_pb_css_mix_blend_mode et_block_row\">\n\t\t\t\t<div class=\"et_d4_element et_pb_column_1_3 et_pb_column et_pb_column_3  et_pb_css_mix_blend_mode et_block_column\">\n\t\t\t\t\n\t\t\t\t\n\t\t\t\t\n\t\t\t\t\n\t\t\t\t<div class=\"et_pb_module et_d4_element et_pb_code et_pb_code_2\">\n\t\t\t\t\n\t\t\t\t\n\t\t\t\t\n\t\t\t\t\n\t\t\t\t<div class=\"et_pb_code_inner\"><iframe loading=\"lazy\" width=\"560\" height=\"315\" src=\"https:\/\/www.youtube.com\/embed\/vVHQz-z7T-0\" frameborder=\"0\" allow=\"accelerometer; autoplay; encrypted-media; gyroscope; picture-in-picture\" allowfullscreen=\"\"><\/iframe><\/div>\n\t\t\t<\/div>\n\t\t\t<\/div><div class=\"et_d4_element et_pb_column_1_3 et_pb_column et_pb_column_4  et_pb_css_mix_blend_mode et_block_column\">\n\t\t\t\t\n\t\t\t\t\n\t\t\t\t\n\t\t\t\t\n\t\t\t\t<div class=\"et_pb_module et_d4_element et_pb_code et_pb_code_3\">\n\t\t\t\t\n\t\t\t\t\n\t\t\t\t\n\t\t\t\t\n\t\t\t\t<div class=\"et_pb_code_inner\"><iframe loading=\"lazy\" width=\"560\" height=\"315\" src=\"https:\/\/www.youtube.com\/embed\/vWN8t92vBQ0\" frameborder=\"0\" allow=\"accelerometer; autoplay; encrypted-media; gyroscope; picture-in-picture\" allowfullscreen=\"\"><\/iframe><\/div>\n\t\t\t<\/div>\n\t\t\t<\/div><div class=\"et_d4_element et_pb_column_1_3 et_pb_column et_pb_column_5  et_pb_css_mix_blend_mode et-last-child et_block_column\">\n\t\t\t\t\n\t\t\t\t\n\t\t\t\t\n\t\t\t\t\n\t\t\t\t<div class=\"et_pb_module et_d4_element et_pb_video et_pb_video_0\">\n\t\t\t\t\n\t\t\t\t\n\t\t\t\t\n\t\t\t\t\n\t\t\t\t<div class=\"et_pb_video_box\"><iframe loading=\"lazy\" title=\"Senda Litoral promo\" width=\"1080\" height=\"608\" src=\"https:\/\/www.youtube.com\/embed\/7DMzCyg7vsA?feature=oembed&amp;controls=1\"  allow=\"accelerometer; autoplay; clipboard-write; encrypted-media; gyroscope; picture-in-picture; web-share\" referrerpolicy=\"strict-origin-when-cross-origin\" allowfullscreen><\/iframe><\/div>\n\t\t\t\t\n\t\t\t<\/div>\n\t\t\t<\/div>\n\t\t\t\t\n\t\t\t\t\n\t\t\t\t\n\t\t\t\t\n\t\t\t<\/div>\n\t\t\t\t\n\t\t\t\t\n\t\t\t<\/div><\/p>\n","protected":false},"excerpt":{"rendered":"","protected":false},"author":1,"featured_media":1609,"parent":0,"menu_order":92,"comment_status":"closed","ping_status":"closed","template":"","meta":{"_et_pb_use_builder":"on","_et_pb_old_content":"","_et_gb_content_width":"","footnotes":""},"class_list":["post-1608","page","type-page","status-publish","has-post-thumbnail","hentry"],"_links":{"self":[{"href":"https:\/\/visitestepona.eu\/es\/wp-json\/wp\/v2\/pages\/1608","targetHints":{"allow":["GET"]}}],"collection":[{"href":"https:\/\/visitestepona.eu\/es\/wp-json\/wp\/v2\/pages"}],"about":[{"href":"https:\/\/visitestepona.eu\/es\/wp-json\/wp\/v2\/types\/page"}],"author":[{"embeddable":true,"href":"https:\/\/visitestepona.eu\/es\/wp-json\/wp\/v2\/users\/1"}],"replies":[{"embeddable":true,"href":"https:\/\/visitestepona.eu\/es\/wp-json\/wp\/v2\/comments?post=1608"}],"version-history":[{"count":0,"href":"https:\/\/visitestepona.eu\/es\/wp-json\/wp\/v2\/pages\/1608\/revisions"}],"wp:featuredmedia":[{"embeddable":true,"href":"https:\/\/visitestepona.eu\/es\/wp-json\/wp\/v2\/media\/1609"}],"wp:attachment":[{"href":"https:\/\/visitestepona.eu\/es\/wp-json\/wp\/v2\/media?parent=1608"}],"curies":[{"name":"wp","href":"https:\/\/api.w.org\/{rel}","templated":true}]}}